{"id":10,"date":"2015-12-25T18:34:48","date_gmt":"2015-12-25T16:34:48","guid":{"rendered":"http:\/\/wwwifaturkeyorgtr.c.sadecehosting.com\/?page_id=10"},"modified":"2024-02-26T09:46:24","modified_gmt":"2024-02-26T06:46:24","slug":"committees","status":"publish","type":"page","link":"http:\/\/www.ifaturkey.org.tr\/en\/committees\/","title":{"rendered":"Committees"},"content":{"rendered":"<div  class='av-hotspot-image-container av-2u28i-26d6b21c3b5cd18d97d5e9db311f086e  avia-builder-el-0  el_before_av_codeblock  avia-builder-el-first  av-hotspot-blank av-mobile-fallback-active  av-non-fullwidth-hotspot-image'  itemprop=\"image\" itemscope=\"itemscope\" itemtype=\"https:\/\/schema.org\/ImageObject\" ><div class='av-hotspot-container'><div class='av-hotspot-container-inner-cell'><div class='av-hotspot-container-inner-wrap'><img decoding=\"async\" class='wp-image-71837 avia-img-lazy-loading-not-71837 avia_image' src=\"http:\/\/www.ifaturkey.org.tr\/en\/wp-content\/uploads\/2023\/11\/ifa_hakkimizda.jpg\" alt='' title='ifa_hakkimizda'  height=\"500\" width=\"2000\"  itemprop=\"thumbnailUrl\" srcset=\"http:\/\/www.ifaturkey.org.tr\/en\/wp-content\/uploads\/2023\/11\/ifa_hakkimizda.jpg 2000w, http:\/\/www.ifaturkey.org.tr\/en\/wp-content\/uploads\/2023\/11\/ifa_hakkimizda-300x75.jpg 300w, http:\/\/www.ifaturkey.org.tr\/en\/wp-content\/uploads\/2023\/11\/ifa_hakkimizda-1030x258.jpg 1030w, http:\/\/www.ifaturkey.org.tr\/en\/wp-content\/uploads\/2023\/11\/ifa_hakkimizda-768x192.jpg 768w, http:\/\/www.ifaturkey.org.tr\/en\/wp-content\/uploads\/2023\/11\/ifa_hakkimizda-1536x384.jpg 1536w, http:\/\/www.ifaturkey.org.tr\/en\/wp-content\/uploads\/2023\/11\/ifa_hakkimizda-1500x375.jpg 1500w, http:\/\/www.ifaturkey.org.tr\/en\/wp-content\/uploads\/2023\/11\/ifa_hakkimizda-705x176.jpg 705w\" sizes=\"(max-width: 2000px) 100vw, 2000px\" \/><\/div><\/div><\/div><\/div>\n\n<div  class='av-hotspot-image-container av-1px92-2ca082b8ff585725b31027e623a9c2ad  avia-builder-el-2  el_after_av_codeblock  el_before_av_textblock  cizgi av-hotspot-blank av-mobile-fallback-active  av-non-fullwidth-hotspot-image'  itemprop=\"image\" itemscope=\"itemscope\" itemtype=\"https:\/\/schema.org\/ImageObject\" ><div class='av-hotspot-container'><div class='av-hotspot-container-inner-cell'><div class='av-hotspot-container-inner-wrap'><img decoding=\"async\" class='wp-image-71913 avia-img-lazy-loading-not-71913 avia_image' src=\"http:\/\/www.ifaturkey.org.tr\/en\/wp-content\/uploads\/2023\/11\/line-3.png\" alt='' title='line'  height=\"1\" width=\"2188\"  itemprop=\"thumbnailUrl\" srcset=\"http:\/\/www.ifaturkey.org.tr\/en\/wp-content\/uploads\/2023\/11\/line-3.png 2188w, http:\/\/www.ifaturkey.org.tr\/en\/wp-content\/uploads\/2023\/11\/line-3-300x1.png 300w, http:\/\/www.ifaturkey.org.tr\/en\/wp-content\/uploads\/2023\/11\/line-3-1030x1.png 1030w, http:\/\/www.ifaturkey.org.tr\/en\/wp-content\/uploads\/2023\/11\/line-3-80x1.png 80w, http:\/\/www.ifaturkey.org.tr\/en\/wp-content\/uploads\/2023\/11\/line-3-768x1.png 768w, http:\/\/www.ifaturkey.org.tr\/en\/wp-content\/uploads\/2023\/11\/line-3-1536x1.png 1536w, http:\/\/www.ifaturkey.org.tr\/en\/wp-content\/uploads\/2023\/11\/line-3-2048x1.png 2048w, http:\/\/www.ifaturkey.org.tr\/en\/wp-content\/uploads\/2023\/11\/line-3-36x1.png 36w, http:\/\/www.ifaturkey.org.tr\/en\/wp-content\/uploads\/2023\/11\/line-3-180x1.png 180w, http:\/\/www.ifaturkey.org.tr\/en\/wp-content\/uploads\/2023\/11\/line-3-1500x1.png 1500w, http:\/\/www.ifaturkey.org.tr\/en\/wp-content\/uploads\/2023\/11\/line-3-495x1.png 495w, http:\/\/www.ifaturkey.org.tr\/en\/wp-content\/uploads\/2023\/11\/line-3-260x1.png 260w, http:\/\/www.ifaturkey.org.tr\/en\/wp-content\/uploads\/2023\/11\/line-3-845x1.png 845w, http:\/\/www.ifaturkey.org.tr\/en\/wp-content\/uploads\/2023\/11\/line-3-710x1.png 710w, http:\/\/www.ifaturkey.org.tr\/en\/wp-content\/uploads\/2023\/11\/line-3-705x1.png 705w, http:\/\/www.ifaturkey.org.tr\/en\/wp-content\/uploads\/2023\/11\/line-3-1210x1.png 1210w\" sizes=\"(max-width: 2188px) 100vw, 2188px\" \/><\/div><\/div><\/div><\/div>\n<section  class='av_textblock_section av-2ysq-05141fbbf83a26c242172568faafb859 '   itemscope=\"itemscope\" itemtype=\"https:\/\/schema.org\/CreativeWork\" ><div class='avia_textblock'  itemprop=\"text\" ><p>[vc_row type=&#8221;container&#8221; padding_top=&#8221;&#8221; padding_bottom=&#8221;&#8221;][vc_column][vc_text_separator title=&#8221;Y\u00f6netim Kurulu&#8221;][\/vc_column][\/vc_row][vc_row type=&#8221;container&#8221; padding_top=&#8221;&#8221; padding_bottom=&#8221;&#8221;][vc_column][vc_tta_accordion style=&#8221;modern&#8221; active_section=&#8221;1&#8243;][vc_tta_section title=&#8221;Prof.Dr. Billur Yalt\u0131 &#8211; Chairwoman&#8221; tab_id=&#8221;1451403119952-5680f15c-4514&#8243; el_class=&#8221;kurulust&#8221;][vc_column_text]<img loading=\"lazy\" decoding=\"async\" width=\"105\" height=\"159\" class=\"alignleft size-full wp-image-70913\" src=\"http:\/\/www.ifaturkey.org.tr\/wp-content\/uploads\/2015\/12\/billur_yalti.jpg\" alt=\"billur_yalti\" \/><\/p>\n<p>Prof. Dr. Billur Yalt\u0131 is a professor of tax law at Ko\u00e7 University Law School in Istanbul, Turkey. She lectures tax law, company taxation law, and tax litigation law at undergraduate level, and international tax law at graduate level. She received her LLB (1984), LLM (1987) and PhD (1992) in fiscal law from Istanbul University.<\/p>\n<p>Prof. Yalt\u0131 has focused her research on international tax law. She carried on research on international tax treaties and valued added taxation in the European Union at the International Bureau of Fiscal Documentation (IBFD), Amsterdam, Netherlands during 1990, 1996 and 2007. She conducted research on taxation of electronic commerce at New York University Law School as a Fulbright scholar in 2000. She also participated as a national reporter in various international tax conferences held by the Vienna University, Economy Faculty, International and Austrian Tax Institute, European Tax Law Professors Association, Group of Research on European and International Taxation (GREIT) and London School of Economics. She is the author of books and articles on double tax treaties, EU direct taxation, value added tax, e-commerce taxation and taxpayers&#8217; rights.<\/p>\n<p>Prof. Yalt\u0131 has been the country correspondent for various tax publications of the IBFD since 1997. She is a member of the European Tax Law Professors Association (EATLP) and the International Fiscal Association (IFA). She is the founding president of the International Tax Research Association (IFA Turkey).<\/p>\n<p>For detailed CV, please click <a href=\"http:\/\/www.ifaturkey.org.tr\/en\/BYALTI_CV_EN.pdf\" target=\"_blank\" rel=\"noopener\">here<\/a>.<\/p>\n<p>[\/vc_column_text][\/vc_tta_section]<\/p>\n<p>[vc_tta_section title=&#8221;Erdal \u00c7al\u0131ko\u011flu &#8211; General Secretary&#8221; tab_id=&#8221;1451403120031-9a6740e4-034d&#8221; el_class=&#8221;kurulust&#8221;][vc_column_text]<\/p>\n<p><img loading=\"lazy\" decoding=\"async\" class=\"kurulgorsel alignleft wp-image-70847 size-full\" src=\"http:\/\/www.ifaturkey.org.tr\/en\/wp-content\/uploads\/2015\/12\/erdal_calikoglu.jpg\" alt=\"\" width=\"265\" height=\"237\" \/>One of the founders of IFA Turkey, Erdal \u00c7al\u0131ko\u011flu has worked as a Tax Partner in EY Istanbul Office for 25 years and has served as the Head of Tax Department in the recent years. Before joining EY, Erdal \u00c7al\u0131ko\u011flu worked as a Tax Inspector\/Senior Tax Inspector at the Ministry of Finance between 1983 and 1994. During his term of office, he was assigned to the UK to analyze the tax inspection system and the authorities of tax inspectors. Specialized in many fiscal subjects from finance legislation to transfer pricing, he particularly offers tax advisory in corporate tax, transfer pricing, tax controversy, company mergers, spin-offs, acquisitions, share exchanges and similar restructuring operations.<\/p>\n<p>Having participated as a speaker in numerous national and international fiscal meetings, Erdal \u00c7al\u0131ko\u011flu is also an author and editor in fiscal matters.<\/p>\n<p>[\/vc_column_text][\/vc_tta_section][vc_tta_section title=&#8221;Av. Zeki G\u00fcnd\u00fcz &#8211; Member&#8221; tab_id=&#8221;1451403310046-8bb00c89-d88f&#8221; el_class=&#8221;kurulust&#8221;][vc_column_text]<\/p>\n<p><img loading=\"lazy\" decoding=\"async\" class=\"kurulgorsel alignleft wp-image-72053 size-full\" src=\"http:\/\/www.ifaturkey.org.tr\/wp-content\/uploads\/2023\/11\/zeki_gunduz_yeni.jpg\" alt=\"\" width=\"300\" height=\"406\" srcset=\"http:\/\/www.ifaturkey.org.tr\/en\/wp-content\/uploads\/2023\/11\/zeki_gunduz_yeni.jpg 300w, http:\/\/www.ifaturkey.org.tr\/en\/wp-content\/uploads\/2023\/11\/zeki_gunduz_yeni-222x300.jpg 222w\" sizes=\"(max-width: 300px) 100vw, 300px\" \/><\/p>\n<p>G\u00fcnd\u00fcz, who started his career as a Finance Inspector within the Ministry of Finance, joined PwC Turkey Office Tax Services as a tax manager in 1992. G\u00fcnd\u00fcz, who was accepted as a partner at PwC in 1997, worked at various levels throughout his career. He served as PwC Turkey&#8217;s Tax and Legal Services Leader between 2010 and 2020, and served as PwC Europe Tax &#8211; Board Member during the same period. As a finance inspector, G\u00fcnd\u00fcz conducted numerous tax audits for private companies and government institutions, and also participated in the inspections of various ministry departments. His extensive experience also includes a one-year secondment to the UK. As of July 1, 2022, he is the founding partner of G\u00fcnd\u00fcz&amp;\u00d6zgen\u00e7 Law Partnership.<\/p>\n<p>[\/vc_column_text][\/vc_tta_section][vc_tta_section title=&#8221;Ezgi T\u00fcrkmen&#8221; tab_id=&#8221;1451403330520-c1870615-857c&#8221; el_class=&#8221;kurulust&#8221;][vc_column_text]<img loading=\"lazy\" decoding=\"async\" class=\"kurulgorsel alignleft wp-image-71605 size-medium\" src=\"http:\/\/www.ifaturkey.org.tr\/en\/wp-content\/uploads\/2015\/12\/Ezgi-Turkmen-2_jpg-240x300.jpeg\" alt=\"\" width=\"240\" height=\"300\" srcset=\"http:\/\/www.ifaturkey.org.tr\/en\/wp-content\/uploads\/2015\/12\/Ezgi-Turkmen-2_jpg-240x300.jpeg 240w, http:\/\/www.ifaturkey.org.tr\/en\/wp-content\/uploads\/2015\/12\/Ezgi-Turkmen-2_jpg.jpeg 384w\" sizes=\"(max-width: 240px) 100vw, 240px\" \/>Ezgi Turkmen began working for the PwC right after her graduation from the Ankara University Faculty of Law in 1999. After working as an auditor on tax audits, and in consultancy for international and local corporations for a year, she joined the tax and customs disputes management department. Ezgi Turkmen became a partner in the tax practice area in 2016. Turkmen specialises in tax law, and she provides consultancy related to settling tax and customs disputes by both administrative and judicial means for companies in various sectors. She is the founding partner of IFA Turkey, and also a member of the Istanbul Bar Association.[\/vc_column_text][\/vc_tta_section][vc_tta_section title=&#8221;Sedat Kurdo\u011flu&#8221; tab_id=&#8221;1451403367383-e2f6a33d-bc42&#8243; el_class=&#8221;kurulust&#8221;][vc_column_text] <img loading=\"lazy\" decoding=\"async\" class=\"kurulgorsel alignleft wp-image-72082 size-medium\" src=\"http:\/\/www.ifaturkey.org.tr\/en\/wp-content\/uploads\/2023\/12\/Sedat_Kurdoglu-240x300.jpg\" alt=\"\" width=\"240\" height=\"300\" srcset=\"http:\/\/www.ifaturkey.org.tr\/en\/wp-content\/uploads\/2023\/12\/Sedat_Kurdoglu-240x300.jpg 240w, http:\/\/www.ifaturkey.org.tr\/en\/wp-content\/uploads\/2023\/12\/Sedat_Kurdoglu.jpg 384w\" sizes=\"(max-width: 240px) 100vw, 240px\" \/><span class=\"s2\">Sedat Kurdo\u011flu (CPA), after graduating from the Department of Business Administration at Istanbul University, completed his master&#8217;s degree in the Economics department at Boston University. Kurdo\u011flu began his career in 1995 as Assistant Finance Manager at Sistem Yay\u0131nc\u0131l\u0131k A.\u015e. Between 1999 and 2013, he was the Chief Controller of Revenues and Tax Chief Inspector at the Tax Inspection Board of the Ministry of Finance. He conducted tax audits for local major companies and multinational corporations in accordance with tax regulations. He contributed to the development of new audit models to enhance the efficiency of tax practices. Kurdo\u011flu conducted research and reporting on economics and public finance.<\/span><\/p>\n<p><span class=\"s2\">As of 2013, he was appointed as a partner at Mazars Turkey. He worked on tax compliance studies related to Corporate Income Tax, Income Tax, and VAT regulations. He provides tax consultancy on issues such as taxes, incentives, mergers and acquisitions, and restructuring. He served for two years as the Managing Editor for Tax Issues Journal. He was part of the team that prepared the Tax Incentives &#8211; Turkey Report for the Research and Development segment for the 2018 congress organized by the International Fiscal Association (IFA). Sedat Kurdo\u011flu, a member of IFA, holds a Certified Public Accountant License, International Air Transport Association (IATA) Tax Planning and International Airline Professionals&#8217; Compliance Certificate, and an Independent Audit License in Capital Markets.<\/span>[\/vc_column_text][\/vc_tta_section][\/vc_tta_accordion][\/vc_column][\/vc_row][vc_row type=&#8221;container&#8221; padding_top=&#8221;&#8221; padding_bottom=&#8221;&#8221;][vc_column][vc_text_separator title=&#8221;Audit Committee&#8221;][\/vc_column][\/vc_row][vc_row type=&#8221;container&#8221; padding_top=&#8221;&#8221; padding_bottom=&#8221;&#8221;][vc_column][vc_column_text]<\/p>\n<ul>\n<li>Abd\u00fclkadir Kahraman<\/li>\n<li>Didem Er\u00e7akal \u00c7\u0131nar<\/li>\n<li>Dr.Nuray A\u015f\u00e7\u0131 Ak\u0131nc\u0131<\/li>\n<\/ul>\n<p>[\/vc_column_text][\/vc_column][\/vc_row]<\/p>\n<\/div><\/section>\n","protected":false},"excerpt":{"rendered":"[vc_row type=\"container\" padding_top=\"\" padding_bottom=\"\"][vc_column][vc_text_separator title=\"Y\u00f6netim Kurulu\"][\/vc_column][\/vc_row][vc_row type=\"container\" padding_top=\"\" padding_bottom=\"\"][vc_column][vc_tta_accordion style=\"modern\" active_section=\"1\"][vc_tta_section title=\"Prof.Dr. Billur Yalt\u0131 - Chairwoman\" tab_id=\"1451403119952-5680f15c-4514\" el_class=\"kurulust\"][vc_column_text] Prof. Dr. Billur Yalt\u0131 is a professor of tax law at Ko\u00e7 University Law School in Istanbul, Turkey. She lectures tax law, company taxation law, and tax litigation law at undergraduate level, and international tax law at [...]","protected":false},"author":1,"featured_media":0,"parent":0,"menu_order":0,"comment_status":"closed","ping_status":"closed","template":"","meta":{"_acf_changed":false,"footnotes":""},"acf":[],"_links":{"self":[{"href":"http:\/\/www.ifaturkey.org.tr\/en\/wp-json\/wp\/v2\/pages\/10"}],"collection":[{"href":"http:\/\/www.ifaturkey.org.tr\/en\/wp-json\/wp\/v2\/pages"}],"about":[{"href":"http:\/\/www.ifaturkey.org.tr\/en\/wp-json\/wp\/v2\/types\/page"}],"author":[{"embeddable":true,"href":"http:\/\/www.ifaturkey.org.tr\/en\/wp-json\/wp\/v2\/users\/1"}],"replies":[{"embeddable":true,"href":"http:\/\/www.ifaturkey.org.tr\/en\/wp-json\/wp\/v2\/comments?post=10"}],"version-history":[{"count":19,"href":"http:\/\/www.ifaturkey.org.tr\/en\/wp-json\/wp\/v2\/pages\/10\/revisions"}],"predecessor-version":[{"id":72191,"href":"http:\/\/www.ifaturkey.org.tr\/en\/wp-json\/wp\/v2\/pages\/10\/revisions\/72191"}],"wp:attachment":[{"href":"http:\/\/www.ifaturkey.org.tr\/en\/wp-json\/wp\/v2\/media?parent=10"}],"curies":[{"name":"wp","href":"https:\/\/api.w.org\/{rel}","templated":true}]}}